{"id":374,"date":"2023-08-24T02:01:21","date_gmt":"2023-08-24T02:01:21","guid":{"rendered":"https:\/\/www.kubernetica.com\/campus\/?page_id=374"},"modified":"2023-08-24T15:20:20","modified_gmt":"2023-08-24T15:20:20","slug":"docente","status":"publish","type":"page","link":"https:\/\/www.kubernetica.com\/campus\/docente\/","title":{"rendered":"Docente"},"content":{"rendered":"<p><b>Santiago Koval<\/b><\/p>\n<p><img loading=\"lazy\" decoding=\"async\" class=\"alignleft wp-image-301 size-medium\" src=\"https:\/\/www.kubernetica.com\/taller\/wp-content\/uploads\/2023\/08\/Santiago-Koval-2023-223x300.webp\" alt=\"\" width=\"223\" height=\"300\" \/>Doctorando en Ciencias Sociales en la <strong><a href=\"http:\/\/www.uba.ar\/\" target=\"_blank\" rel=\"noopener noreferrer\">Universidad de Buenos Aires<\/a><\/strong><span style=\"color: inherit;\"><strong>.<\/strong> Es Magister en Investigaci\u00f3n de Mercado y Data Mining\u00a0por la <\/span><strong><a title=\"Alma Mater Studiorum - Universit\u00e0 di Bologna\" href=\"http:\/\/www.unibo.edu.ar\" target=\"_blank\" rel=\"noopener noreferrer\">Alma Mater Studiorum &#8211; Universit\u00e0 di Bologna<\/a><\/strong><span style=\"color: inherit;\"> y Licenciado en Ciencias de la Comunicaci\u00f3n por la <\/span><strong><a title=\"Universidad de San Andr\u00e9s\" href=\"http:\/\/www.udesa.edu.ar\" target=\"_blank\" rel=\"noopener noreferrer\">Universidad de San Andr\u00e9s<\/a><\/strong><span style=\"color: inherit;\">. Docente del Taller de Trabajo Final de Licenciatura en la <strong><a href=\"https:\/\/www.unsam.edu.ar\/\" target=\"_blank\" rel=\"noopener\">Universidad de San Mart\u00edn<\/a><\/strong>. Fue docente en la <a href=\"https:\/\/uba.ar\/\" target=\"_blank\" rel=\"nofollow noopener\"><strong>Universidad de Buenos Aires<\/strong><\/a>, la Universidad de San Andr\u00e9s, la <strong><a href=\"https:\/\/www.utdt.edu\/\" target=\"_blank\" rel=\"noopener\">Universidad Torcuato Di Tella<\/a> <\/strong>y la <strong><a href=\"https:\/\/www.uade.edu.ar\/\" target=\"_blank\" rel=\"noopener\">Universidad Argentina de la Empresa<\/a>.<\/strong> Consultor en nuevas tecnolog\u00edas y procesos de capacitaci\u00f3n para empresas e instituciones en Am\u00e9rica Latina y Espa\u00f1a. Autor de <a href=\"https:\/\/edicionesincertidumbre.com.ar\/libros\/la-condicion-poshumana\" target=\"_blank\" rel=\"noopener\"><strong>La condici\u00f3n poshumana: camino a la integraci\u00f3n hombre-m\u00e1quina en el cine y en la ciencia<\/strong><\/a> (Editorial Cinema, 2008) y <a href=\"\/taller\/libro\/\" rel=\"noopener\"><strong>Manual para la elaboraci\u00f3n de trabajos acad\u00e9micos. Investigar y redactar en el \u00e1mbito universitario<\/strong><\/a> (Editorial Temas, 2011).<\/span><\/p>\n<p><strong>Antecedentes en docencia e investigaci\u00f3n:<\/strong><\/p>\n<ul>\n<li>Investigador Categor\u00eda V en la disciplina Antropolog\u00eda, sociolog\u00eda y ciencias pol\u00edticas en el Programa de Incentivos a docentes investigadores de la Comisi\u00f3n Regional de Categorizaci\u00f3n del Ministerio de Educaci\u00f3n de la Naci\u00f3n.<\/li>\n<li>Docente\u00a0del seminario de posgrado\u00a0<em>Teor\u00edas de la recepci\u00f3n: usuarios y productores de contenidos en la era digital<\/em> del Programa de Actualizaci\u00f3n\u00a0en Convergencia Multimedial de la Facultad de Dise\u00f1o y Urbanismo (FADU) de la Universidad de Buenos Aires (UBA).<\/li>\n<li>Profesor <em>de Comunicaci\u00f3n y Cr\u00edtica<\/em>, Dise\u00f1o de Indumentaria y Textil de la Facultad de Dise\u00f1o y Urbanismo (FADU) de la Universidad de Buenos Aires (UBA).<\/li>\n<li>Profesor del seminario Explicaci\u00f3n y M\u00e9todos en Historia en la Especializaci\u00f3n, la Maestr\u00eda y el Doctorado en Historia de la Universidad Torcuato Di Tella (DiTella).<\/li>\n<li>Docente del seminario <em>Escritura Acad\u00e9mica<\/em>, en conjunto con el Dr. Mart\u00edn Koval, del Departamento de Letras de la Facultad de Filosof\u00eda y Letras de la Universidad de Buenos Aires (UBA).<\/li>\n<li>Auxiliar Docente en la c\u00e1tedra de la\u00a0<strong><a title=\"Dra. Mar\u00eda Marta Garc\u00eda Negroni\" href=\"http:\/\/www.udesa.edu.ar\/Sobre-San-Andres\/cuerpo-docente\/Detalle-de-profesor?pid=55169\" target=\"_blank\" rel=\"noopener noreferrer\">Dra. Mar\u00eda Marta Garc\u00eda Negroni<\/a><\/strong>, <em>Escritura y Pr\u00e1cticas Discursivas\u00a0Universitarias,<\/em>\u00a0de la Universidad de San Andr\u00e9s\u00a0(UdeSA).<\/li>\n<li>Profesor Adjunto del Taller de Trabajo Final de Licenciatura en la Licenciatura en Administraci\u00f3n P\u00fablica de la Universidad Nacional de San Mart\u00edn (UnSaM).<\/li>\n<li>Profesor Asociado de\u00a0<em>Metodolog\u00eda de la Investigaci\u00f3n<\/em>\u00a0de la Licenciatura en Relaciones P\u00fablicas e Institucionales y de\u00a0<em>Convergencia y Paradigmas Tecnol\u00f3gicos<\/em>\u00a0de la Licenciatura en Gesti\u00f3n de Medios y Entretenimiento de la Universidad Argentina de la Empresa (UADE).<\/li>\n<\/ul>\n<p><strong><a title=\"Curriculum vitae - Santiago Koval (Espa\u00f1ol)\" href=\"https:\/\/www.kubernetica.com\/wp-content\/uploads\/2023\/03\/Curriculum_Vitae_Santiago_Koval-ESP-2023-LD.pdf\" target=\"_blank\" rel=\"noopener noreferrer\">Curriculum Vitae (Espa\u00f1ol) \u00bb<\/a><\/strong><\/p>\n<p><strong><a title=\"Curriculum vitae - Santiago Koval (Ingl\u00e9s)\" href=\"https:\/\/www.kubernetica.com\/wp-content\/uploads\/2023\/03\/Curriculum_Vitae_Santiago_Koval-ENG-2023-LD.pdf\" target=\"_blank\" rel=\"noopener noreferrer\">Curriculum Vitae (Ingl\u00e9s) \u00bb<\/a><\/strong><\/p>\n<p><a title=\"Contacto con Santiago Koval\" href=\"mailto:santiagokoval@gmail.com\"><strong>Contacto con Santiago Koval \u00bb<\/strong><\/a><\/p>\n","protected":false},"excerpt":{"rendered":"<p>Santiago Koval Doctorando en Ciencias Sociales en la Universidad de Buenos Aires. Es Magister en Investigaci\u00f3n de Mercado y Data Mining\u00a0por la Alma Mater Studiorum &#8211; Universit\u00e0 di Bologna y Licenciado en Ciencias de la Comunicaci\u00f3n por la Universidad de San Andr\u00e9s. Docente del Taller de Trabajo Final de Licenciatura en la Universidad de San [&hellip;]<\/p>\n","protected":false},"author":1,"featured_media":0,"parent":0,"menu_order":0,"comment_status":"closed","ping_status":"closed","template":"","meta":{"footnotes":""},"class_list":["post-374","page","type-page","status-publish","hentry"],"_links":{"self":[{"href":"https:\/\/www.kubernetica.com\/campus\/wp-json\/wp\/v2\/pages\/374","targetHints":{"allow":["GET"]}}],"collection":[{"href":"https:\/\/www.kubernetica.com\/campus\/wp-json\/wp\/v2\/pages"}],"about":[{"href":"https:\/\/www.kubernetica.com\/campus\/wp-json\/wp\/v2\/types\/page"}],"author":[{"embeddable":true,"href":"https:\/\/www.kubernetica.com\/campus\/wp-json\/wp\/v2\/users\/1"}],"replies":[{"embeddable":true,"href":"https:\/\/www.kubernetica.com\/campus\/wp-json\/wp\/v2\/comments?post=374"}],"version-history":[{"count":2,"href":"https:\/\/www.kubernetica.com\/campus\/wp-json\/wp\/v2\/pages\/374\/revisions"}],"predecessor-version":[{"id":411,"href":"https:\/\/www.kubernetica.com\/campus\/wp-json\/wp\/v2\/pages\/374\/revisions\/411"}],"wp:attachment":[{"href":"https:\/\/www.kubernetica.com\/campus\/wp-json\/wp\/v2\/media?parent=374"}],"curies":[{"name":"wp","href":"https:\/\/api.w.org\/{rel}","templated":true}]}}